{"id":4449,"date":"2021-04-08T11:43:52","date_gmt":"2021-04-08T11:43:52","guid":{"rendered":"http:\/\/ppcp.cz.uvds32.active24.cz\/?page_id=4449"},"modified":"2021-04-08T11:43:52","modified_gmt":"2021-04-08T11:43:52","slug":"news","status":"publish","type":"page","link":"https:\/\/ppcp.cz\/en\/news\/","title":{"rendered":"News"},"content":{"rendered":"<div><b>31. LEDEN &#8211; <\/b><b>BIENNALE NA YOUTUBE<\/b><\/div>\n<div><span style=\"color: #ffffff;\">Pro p\u0159\u00e1tele filatelie a v\u0161echny z\u00e1jemce, kte\u0159\u00ed nem\u011bli mo\u017enost nav\u0161t\u00edvit N\u00e1rodn\u00ed muzeum, jsme p\u0159ipravili video z na\u0161\u00ed v\u00fdstavy.<\/span><\/div>\n<div><\/div>\n<div>\n<p><a href=\"https:\/\/www.youtube.com\/watch?v=oSGotYs5utM&#038;feature=youtu.be\">https:\/\/www.youtube.com\/watch?v=oSGotYs5utM&amp;feature=youtu.be<\/a><\/p>\n<\/div>\n<p><strong>26.12.2020 POSLEDN\u00cd DEN V\u00ddSTAVY BIENNALE PPCP<\/strong><\/p>\n<div>\n<div>29.12.2020<\/div>\n<div>\n<div>V r\u00e1mci aktu\u00e1ln\u00edch epidemiologick\u00fdch opat\u0159en\u00ed skon\u010dila ke dni 27.12. vl\u00e1dn\u00ed vyj\u00edmka i pro mimo\u0159\u00e1dn\u00e9 v\u00fdstavy &#8211; Rembrandt (NG), Slune\u010dn\u00ed kr\u00e1lov\u00e9 (NM) a Poklady sv\u011btov\u00e9 filatelie (NM), jejich\u017e kon\u00e1n\u00ed m\u011blo status &#8220;st\u00e1tn\u00edho z\u00e1jmu&#8221;. Na\u0161e v\u00fdstava trvala cel\u00fdch 10 dn\u00ed, co\u017e znamen\u00e1 , \u017ee byla z\u0159ejm\u011b nejdel\u0161\u00ed filatelistickou v\u00fdstavou v\u0161ech dob.<\/div>\n<div>(I sv\u011btov\u00e9 v\u00fdstavy jsou maxim\u00e1ln\u011b 5-denn\u00ed.) P\u0159es obecn\u00fd lockdown, omezen\u00ed po\u010dt\u016f lid\u00ed v s\u00e1le, zav\u0159en\u00e9 pokladny, vstupenky pouze on line, striktn\u00ed odd\u011blen\u00ed obou v\u00fdstav v N\u00e1rodn\u00edm muzeu a padaj\u00edc\u00ed rezerva\u010dn\u00ed syst\u00e9m p\u0159i\u0161lo tak\u0159ka 3000 n\u00e1v\u0161t\u011bvn\u00edk\u016f, vyprodala se v\u011bt\u0161ina katalog\u016f a zaznamen\u00e1v\u00e1me sam\u00e9 pozitivn\u00ed a nad\u0161en\u00e9 ohlasy. Potvrdilo se, \u017ee pro filatelistickou a zejm\u00e9na pro nefilatelistickou ve\u0159ejnost je nov\u00fd trend, kter\u00fd se sna\u017e\u00edme prosadit, tedy kontextov\u00e1 a srozumiteln\u00e1 prezentace jednotliv\u00fdch vz\u00e1cn\u00fdch expon\u00e1t\u016f, tou spr\u00e1vnou cestou, jak u\u010dinit filatelii atraktivn\u00ed a hlavn\u011b inspiruj\u00edc\u00ed. B\u011bhem v\u00fdstavy do\u0161ly tak\u00e9 v\u00fdznamn\u00fdm osobnostem filatelistick\u00e9ho sv\u011bta v zahrani\u010d\u00ed na\u0161e katalogy a jsme velmi pot\u011b\u0161eni jejich gratulacemi a p\u0159\u00edzniv\u00fdm p\u0159ijet\u00edm. Dok\u00e1zali jsme, navzdory v\u0161em obt\u00ed\u017e\u00edm, uskute\u010dnit&nbsp; mezin\u00e1rodn\u00ed filatelistick\u00fd projekt (letos jedin\u00fd na sv\u011bt\u011b),&nbsp; p\u0159edstavit filatelii poprv\u00e9 v d\u011bjin\u00e1ch v N\u00e1rodn\u00edm muzeu, vydat nejlep\u0161\u00ed katalog v historii \u010desk\u00e9ho filatelistick\u00e9ho v\u00fdstavnictv\u00ed atd.<\/div>\n<div>Na\u0161\u00edm c\u00edlem je zalo\u017eit dlouhou tradici Biennale PPCP.&nbsp; Pr\u00e1v\u011b skon\u010den\u00e1 v\u00fdstava byla jej\u00edm skv\u011bl\u00fdm za\u010d\u00e1tkem&nbsp;a brzy za\u010dneme s p\u0159\u00edpravami pro rok 2022.<\/div>\n<\/div>\n<\/div>\n<div><\/div>\n<div><\/div>\n<div><\/div>\n<div><a href=\"http:\/\/www.ppcp.cz\/wp-content\/uploads\/2021\/01\/Biennale2020_10.jpg\"><img loading=\"lazy\" decoding=\"async\" class=\"alignnone size-medium wp-image-3319\" src=\"http:\/\/ppcp.cz\/wp-content\/uploads\/2020\/12\/5F921153-69D5-49B5-B379-4564A0240FC2-224x300.jpeg\" alt=\"\" width=\"224\" height=\"300\" srcset=\"https:\/\/ppcp.cz\/wp-content\/uploads\/2020\/12\/5F921153-69D5-49B5-B379-4564A0240FC2-224x300.jpeg 224w, https:\/\/ppcp.cz\/wp-content\/uploads\/2020\/12\/5F921153-69D5-49B5-B379-4564A0240FC2-768x1027.jpeg 768w, https:\/\/ppcp.cz\/wp-content\/uploads\/2020\/12\/5F921153-69D5-49B5-B379-4564A0240FC2-766x1024.jpeg 766w, https:\/\/ppcp.cz\/wp-content\/uploads\/2020\/12\/5F921153-69D5-49B5-B379-4564A0240FC2-135x180.jpeg 135w, https:\/\/ppcp.cz\/wp-content\/uploads\/2020\/12\/5F921153-69D5-49B5-B379-4564A0240FC2.jpeg 1197w\" sizes=\"auto, (max-width: 224px) 100vw, 224px\" \/><\/a><\/div>\n<div><\/div>\n<div>dal\u0161\u00ed fotografie z v\u00fdstavy <a href=\"https:\/\/www.ppcp.cz\/biennale\/galerie-2\/\"><strong>zde<\/strong><\/a><\/div>\n<p><strong>21.12.2020 PRVN\u00cd FOTKY Z V\u00ddSTAVY<br \/>\n<\/strong><\/p>\n<p><a href=\"http:\/\/www.ppcp.cz\/wp-content\/uploads\/2020\/12\/DSC5939.jpg\"><img loading=\"lazy\" decoding=\"async\" class=\"alignnone size-medium wp-image-3296\" src=\"http:\/\/ppcp.cz\/wp-content\/uploads\/2020\/12\/DSC5939-300x200.jpg\" alt=\"\" width=\"300\" height=\"200\" srcset=\"https:\/\/ppcp.cz\/wp-content\/uploads\/2020\/12\/DSC5939-300x200.jpg 300w, https:\/\/ppcp.cz\/wp-content\/uploads\/2020\/12\/DSC5939-768x512.jpg 768w, https:\/\/ppcp.cz\/wp-content\/uploads\/2020\/12\/DSC5939-1024x683.jpg 1024w, https:\/\/ppcp.cz\/wp-content\/uploads\/2020\/12\/DSC5939-180x120.jpg 180w, https:\/\/ppcp.cz\/wp-content\/uploads\/2020\/12\/DSC5939.jpg 1701w\" sizes=\"auto, (max-width: 300px) 100vw, 300px\" \/><\/a> <a href=\"http:\/\/www.ppcp.cz\/wp-content\/uploads\/2020\/12\/DSC5933.jpg\"><img loading=\"lazy\" decoding=\"async\" class=\"alignnone size-medium wp-image-3294\" src=\"http:\/\/ppcp.cz\/wp-content\/uploads\/2020\/12\/DSC5933-300x200.jpg\" alt=\"\" width=\"300\" height=\"200\" srcset=\"https:\/\/ppcp.cz\/wp-content\/uploads\/2020\/12\/DSC5933-300x200.jpg 300w, https:\/\/ppcp.cz\/wp-content\/uploads\/2020\/12\/DSC5933-768x512.jpg 768w, https:\/\/ppcp.cz\/wp-content\/uploads\/2020\/12\/DSC5933-1024x683.jpg 1024w, https:\/\/ppcp.cz\/wp-content\/uploads\/2020\/12\/DSC5933-180x120.jpg 180w, https:\/\/ppcp.cz\/wp-content\/uploads\/2020\/12\/DSC5933.jpg 1701w\" sizes=\"auto, (max-width: 300px) 100vw, 300px\" \/><\/a> <a href=\"http:\/\/www.ppcp.cz\/wp-content\/uploads\/2020\/12\/DSC5931.jpg\"><img loading=\"lazy\" decoding=\"async\" class=\"alignnone size-medium wp-image-3292\" src=\"http:\/\/ppcp.cz\/wp-content\/uploads\/2020\/12\/DSC5931-300x200.jpg\" alt=\"\" width=\"300\" height=\"200\" srcset=\"https:\/\/ppcp.cz\/wp-content\/uploads\/2020\/12\/DSC5931-300x200.jpg 300w, https:\/\/ppcp.cz\/wp-content\/uploads\/2020\/12\/DSC5931-768x512.jpg 768w, https:\/\/ppcp.cz\/wp-content\/uploads\/2020\/12\/DSC5931-1024x683.jpg 1024w, https:\/\/ppcp.cz\/wp-content\/uploads\/2020\/12\/DSC5931-180x120.jpg 180w, https:\/\/ppcp.cz\/wp-content\/uploads\/2020\/12\/DSC5931.jpg 1701w\" sizes=\"auto, (max-width: 300px) 100vw, 300px\" \/><\/a> <a href=\"http:\/\/www.ppcp.cz\/wp-content\/uploads\/2020\/12\/DSC5922.jpg\"><img loading=\"lazy\" decoding=\"async\" class=\"alignnone size-medium wp-image-3290\" src=\"http:\/\/ppcp.cz\/wp-content\/uploads\/2020\/12\/DSC5922-300x200.jpg\" alt=\"\" width=\"300\" height=\"200\" srcset=\"https:\/\/ppcp.cz\/wp-content\/uploads\/2020\/12\/DSC5922-300x200.jpg 300w, https:\/\/ppcp.cz\/wp-content\/uploads\/2020\/12\/DSC5922-768x512.jpg 768w, https:\/\/ppcp.cz\/wp-content\/uploads\/2020\/12\/DSC5922-1024x683.jpg 1024w, https:\/\/ppcp.cz\/wp-content\/uploads\/2020\/12\/DSC5922-180x120.jpg 180w, https:\/\/ppcp.cz\/wp-content\/uploads\/2020\/12\/DSC5922.jpg 1701w\" sizes=\"auto, (max-width: 300px) 100vw, 300px\" \/><\/a> <a href=\"http:\/\/www.ppcp.cz\/wp-content\/uploads\/2020\/12\/DSC5919.jpg\"><img loading=\"lazy\" decoding=\"async\" class=\"alignnone size-medium wp-image-3288\" src=\"http:\/\/ppcp.cz\/wp-content\/uploads\/2020\/12\/DSC5919-300x200.jpg\" alt=\"\" width=\"300\" height=\"200\" srcset=\"https:\/\/ppcp.cz\/wp-content\/uploads\/2020\/12\/DSC5919-300x200.jpg 300w, https:\/\/ppcp.cz\/wp-content\/uploads\/2020\/12\/DSC5919-768x512.jpg 768w, https:\/\/ppcp.cz\/wp-content\/uploads\/2020\/12\/DSC5919-1024x683.jpg 1024w, https:\/\/ppcp.cz\/wp-content\/uploads\/2020\/12\/DSC5919-180x120.jpg 180w, https:\/\/ppcp.cz\/wp-content\/uploads\/2020\/12\/DSC5919.jpg 1701w\" sizes=\"auto, (max-width: 300px) 100vw, 300px\" \/><\/a> <a href=\"http:\/\/www.ppcp.cz\/wp-content\/uploads\/2020\/12\/DSC5914.jpg\"><img loading=\"lazy\" decoding=\"async\" class=\"alignnone size-medium wp-image-3286\" src=\"http:\/\/ppcp.cz\/wp-content\/uploads\/2020\/12\/DSC5914-300x200.jpg\" alt=\"\" width=\"300\" height=\"200\" srcset=\"https:\/\/ppcp.cz\/wp-content\/uploads\/2020\/12\/DSC5914-300x200.jpg 300w, https:\/\/ppcp.cz\/wp-content\/uploads\/2020\/12\/DSC5914-768x512.jpg 768w, https:\/\/ppcp.cz\/wp-content\/uploads\/2020\/12\/DSC5914-1024x683.jpg 1024w, https:\/\/ppcp.cz\/wp-content\/uploads\/2020\/12\/DSC5914-180x120.jpg 180w, https:\/\/ppcp.cz\/wp-content\/uploads\/2020\/12\/DSC5914.jpg 1701w\" sizes=\"auto, (max-width: 300px) 100vw, 300px\" \/><\/a> <a href=\"http:\/\/www.ppcp.cz\/wp-content\/uploads\/2020\/12\/DSC5910.jpg\"><img loading=\"lazy\" decoding=\"async\" class=\"alignnone size-medium wp-image-3284\" src=\"http:\/\/ppcp.cz\/wp-content\/uploads\/2020\/12\/DSC5910-300x200.jpg\" alt=\"\" width=\"300\" height=\"200\" srcset=\"https:\/\/ppcp.cz\/wp-content\/uploads\/2020\/12\/DSC5910-300x200.jpg 300w, https:\/\/ppcp.cz\/wp-content\/uploads\/2020\/12\/DSC5910-768x512.jpg 768w, https:\/\/ppcp.cz\/wp-content\/uploads\/2020\/12\/DSC5910-1024x683.jpg 1024w, https:\/\/ppcp.cz\/wp-content\/uploads\/2020\/12\/DSC5910-180x120.jpg 180w, https:\/\/ppcp.cz\/wp-content\/uploads\/2020\/12\/DSC5910.jpg 1701w\" sizes=\"auto, (max-width: 300px) 100vw, 300px\" \/><\/a> <a href=\"http:\/\/www.ppcp.cz\/wp-content\/uploads\/2020\/12\/DSC5898.jpg\"><img loading=\"lazy\" decoding=\"async\" class=\"alignnone size-medium wp-image-3282\" src=\"http:\/\/ppcp.cz\/wp-content\/uploads\/2020\/12\/DSC5898-300x200.jpg\" alt=\"\" width=\"300\" height=\"200\" srcset=\"https:\/\/ppcp.cz\/wp-content\/uploads\/2020\/12\/DSC5898-300x200.jpg 300w, https:\/\/ppcp.cz\/wp-content\/uploads\/2020\/12\/DSC5898-768x512.jpg 768w, https:\/\/ppcp.cz\/wp-content\/uploads\/2020\/12\/DSC5898-1024x683.jpg 1024w, https:\/\/ppcp.cz\/wp-content\/uploads\/2020\/12\/DSC5898-180x120.jpg 180w, https:\/\/ppcp.cz\/wp-content\/uploads\/2020\/12\/DSC5898.jpg 1701w\" sizes=\"auto, (max-width: 300px) 100vw, 300px\" \/><\/a> <a href=\"http:\/\/www.ppcp.cz\/wp-content\/uploads\/2020\/12\/DSC5890.jpg\"><img loading=\"lazy\" decoding=\"async\" class=\"alignnone size-medium wp-image-3280\" src=\"http:\/\/ppcp.cz\/wp-content\/uploads\/2020\/12\/DSC5890-300x200.jpg\" alt=\"\" width=\"300\" height=\"200\" srcset=\"https:\/\/ppcp.cz\/wp-content\/uploads\/2020\/12\/DSC5890-300x200.jpg 300w, https:\/\/ppcp.cz\/wp-content\/uploads\/2020\/12\/DSC5890-768x512.jpg 768w, https:\/\/ppcp.cz\/wp-content\/uploads\/2020\/12\/DSC5890-1024x683.jpg 1024w, https:\/\/ppcp.cz\/wp-content\/uploads\/2020\/12\/DSC5890-180x120.jpg 180w, https:\/\/ppcp.cz\/wp-content\/uploads\/2020\/12\/DSC5890.jpg 1701w\" sizes=\"auto, (max-width: 300px) 100vw, 300px\" \/><\/a> <a href=\"http:\/\/www.ppcp.cz\/wp-content\/uploads\/2020\/12\/DSC5889.jpg\"><img loading=\"lazy\" decoding=\"async\" class=\"alignnone size-medium wp-image-3278\" src=\"http:\/\/ppcp.cz\/wp-content\/uploads\/2020\/12\/DSC5889-300x200.jpg\" alt=\"\" width=\"300\" height=\"200\" srcset=\"https:\/\/ppcp.cz\/wp-content\/uploads\/2020\/12\/DSC5889-300x200.jpg 300w, https:\/\/ppcp.cz\/wp-content\/uploads\/2020\/12\/DSC5889-768x512.jpg 768w, https:\/\/ppcp.cz\/wp-content\/uploads\/2020\/12\/DSC5889-1024x683.jpg 1024w, https:\/\/ppcp.cz\/wp-content\/uploads\/2020\/12\/DSC5889-180x120.jpg 180w, https:\/\/ppcp.cz\/wp-content\/uploads\/2020\/12\/DSC5889.jpg 1701w\" sizes=\"auto, (max-width: 300px) 100vw, 300px\" \/><\/a> <a href=\"http:\/\/www.ppcp.cz\/wp-content\/uploads\/2020\/12\/DSC5868.jpg\"><img loading=\"lazy\" decoding=\"async\" class=\"alignnone size-medium wp-image-3276\" src=\"http:\/\/ppcp.cz\/wp-content\/uploads\/2020\/12\/DSC5868-300x200.jpg\" alt=\"\" width=\"300\" height=\"200\" srcset=\"https:\/\/ppcp.cz\/wp-content\/uploads\/2020\/12\/DSC5868-300x200.jpg 300w, https:\/\/ppcp.cz\/wp-content\/uploads\/2020\/12\/DSC5868-768x512.jpg 768w, https:\/\/ppcp.cz\/wp-content\/uploads\/2020\/12\/DSC5868-1024x683.jpg 1024w, https:\/\/ppcp.cz\/wp-content\/uploads\/2020\/12\/DSC5868-180x120.jpg 180w, https:\/\/ppcp.cz\/wp-content\/uploads\/2020\/12\/DSC5868.jpg 1701w\" sizes=\"auto, (max-width: 300px) 100vw, 300px\" \/><\/a> <a href=\"http:\/\/www.ppcp.cz\/wp-content\/uploads\/2020\/12\/DSC5860.jpg\"><img loading=\"lazy\" decoding=\"async\" class=\"alignnone size-medium wp-image-3274\" src=\"http:\/\/ppcp.cz\/wp-content\/uploads\/2020\/12\/DSC5860-300x200.jpg\" alt=\"\" width=\"300\" height=\"200\" srcset=\"https:\/\/ppcp.cz\/wp-content\/uploads\/2020\/12\/DSC5860-300x200.jpg 300w, https:\/\/ppcp.cz\/wp-content\/uploads\/2020\/12\/DSC5860-768x512.jpg 768w, https:\/\/ppcp.cz\/wp-content\/uploads\/2020\/12\/DSC5860-1024x683.jpg 1024w, https:\/\/ppcp.cz\/wp-content\/uploads\/2020\/12\/DSC5860-180x120.jpg 180w, https:\/\/ppcp.cz\/wp-content\/uploads\/2020\/12\/DSC5860.jpg 1701w\" sizes=\"auto, (max-width: 300px) 100vw, 300px\" \/><\/a><\/p>\n<p><strong>18.12.202<\/strong><\/p>\n<div>V\u00fdstava &#8220;Poklady sv\u011btov\u00e9 filatelie&#8221; prob\u00edh\u00e1 a potrv\u00e1 do 8. 1. 2021. Po\u0159\u00e1daj\u00ed se komentovan\u00e9 prohl\u00eddky,&nbsp;velk\u00fd z\u00e1jem je o v\u00fdstavn\u00ed katalog i o vlastn\u00ed zn\u00e1mky PPCP, kter\u00e9 jsou zde v prodeji.<\/div>\n<div>Vstupenky pouze on-line na webu N\u00e1rodn\u00edho muzea:<\/div>\n<div><a class=\"moz-txt-link-freetext\" href=\"https:\/\/www.nm.cz\/navstivte-nas\/objekty\/muzejni-komplex-narodniho-muzea\">https:\/\/www.nm.cz\/navstivte-nas\/objekty\/muzejni-komplex-narodniho-muzea<\/a><\/div>\n<div>Informace ke vstupenk\u00e1m tak\u00e9 u Mgr. Davida Kop\u0159ivy, tel. 774261036<\/div>\n<p><strong><a href=\"http:\/\/www.ppcp.cz\/wp-content\/uploads\/2020\/12\/IMG_2927.jpg\"><img loading=\"lazy\" decoding=\"async\" class=\"alignnone size-medium wp-image-3300\" src=\"http:\/\/ppcp.cz\/wp-content\/uploads\/2020\/12\/IMG_2927-300x200.jpg\" alt=\"\" width=\"300\" height=\"200\" srcset=\"https:\/\/ppcp.cz\/wp-content\/uploads\/2020\/12\/IMG_2927-300x200.jpg 300w, https:\/\/ppcp.cz\/wp-content\/uploads\/2020\/12\/IMG_2927-768x512.jpg 768w, https:\/\/ppcp.cz\/wp-content\/uploads\/2020\/12\/IMG_2927-1024x682.jpg 1024w, https:\/\/ppcp.cz\/wp-content\/uploads\/2020\/12\/IMG_2927-180x120.jpg 180w, https:\/\/ppcp.cz\/wp-content\/uploads\/2020\/12\/IMG_2927.jpg 2000w\" sizes=\"auto, (max-width: 300px) 100vw, 300px\" \/><\/a><a href=\"http:\/\/www.ppcp.cz\/wp-content\/uploads\/2020\/12\/IMG_2950.jpg\"><img loading=\"lazy\" decoding=\"async\" class=\"alignnone size-medium wp-image-3298\" src=\"http:\/\/ppcp.cz\/wp-content\/uploads\/2020\/12\/IMG_2950-300x200.jpg\" alt=\"\" width=\"300\" height=\"200\" srcset=\"https:\/\/ppcp.cz\/wp-content\/uploads\/2020\/12\/IMG_2950-300x200.jpg 300w, https:\/\/ppcp.cz\/wp-content\/uploads\/2020\/12\/IMG_2950-768x512.jpg 768w, https:\/\/ppcp.cz\/wp-content\/uploads\/2020\/12\/IMG_2950-1024x682.jpg 1024w, https:\/\/ppcp.cz\/wp-content\/uploads\/2020\/12\/IMG_2950-180x120.jpg 180w, https:\/\/ppcp.cz\/wp-content\/uploads\/2020\/12\/IMG_2950.jpg 2000w\" sizes=\"auto, (max-width: 300px) 100vw, 300px\" \/><\/a>&nbsp;<\/strong><\/p>\n<p><strong>16.12.2020<\/strong><\/p>\n<p>Biennale PPCP bylo dnes, 16. 12. slavnostn\u011b, za p\u0159\u00edtomnosti z\u00e1stupc\u016f mnoha m\u00e9di\u00ed, zah\u00e1jeno a potrv\u00e1 do 8. 1. 2021. Obdr\u017eeli jsme vl\u00e1dn\u00ed v\u00fdjimku ze sou\u010dasn\u00fdch opat\u0159en\u00ed kolem covidu, a to spolu s v\u00fdstavou Rembrandt v N\u00e1rodn\u00ed galerii a v\u00fdstavou Slune\u010dn\u00ed kr\u00e1lov\u00e9 v N\u00e1rodn\u00edm muzeu. Kon\u00e1n\u00ed Biennale d\u00edky jeho mimo\u0159\u00e1dnosti a neopakovateln\u00fdm zahrani\u010dn\u00edm z\u00e1p\u016fj\u010dk\u00e1m, dostalo statut \u201cst\u00e1tn\u00edho z\u00e1jmu\u201d. Zveme tedy v\u0161echny z\u00e1jemce o filatelii do NM. Dod\u00e1v\u00e1me, \u017ee od p\u00e1tku 18. 12. bude mo\u017eno zakoupit vstupenky pouze on line na webu N\u00e1rodn\u00edho muzea. T\u011b\u0161\u00edme se na V\u00e1s.<\/p>\n<p><strong>2.12.2020<\/strong><\/p>\n<p>Nov\u011b se v\u00fdstava Biennale 2020 bude konat od 16. 12. 2020 do 3. 1. 2021 v Historick\u00e9 budov\u011b N\u00e1rodn\u00edho muzea.<\/p>\n<p><a href=\"http:\/\/www.ppcp.cz\/wp-content\/uploads\/2020\/12\/NM.jpg\"><img loading=\"lazy\" decoding=\"async\" class=\"size-medium wp-image-3241\" src=\"http:\/\/ppcp.cz\/wp-content\/uploads\/2020\/12\/NM-300x200.jpg\" alt=\"\" width=\"300\" height=\"200\" srcset=\"https:\/\/ppcp.cz\/wp-content\/uploads\/2020\/12\/NM-300x200.jpg 300w, https:\/\/ppcp.cz\/wp-content\/uploads\/2020\/12\/NM-768x512.jpg 768w, https:\/\/ppcp.cz\/wp-content\/uploads\/2020\/12\/NM-180x120.jpg 180w, https:\/\/ppcp.cz\/wp-content\/uploads\/2020\/12\/NM.jpg 1000w\" sizes=\"auto, (max-width: 300px) 100vw, 300px\" \/><\/a><\/p>\n<p><strong>6.11.2020<\/strong><\/p>\n<p>Katalog Biennale 2020 je co do obsahu, jeho zpracov\u00e1n\u00ed a designu unik\u00e1tn\u00ed publikac\u00ed. Prezentuje samostatn\u00e9 rarity ze sb\u00edrek \u010dlen\u016f t\u0159\u00ed v\u00fdznamn\u00fdch klub\u016f \u2013 Prestige Philately Club Prague, Vindobona a Club de Monte Carlo a tak\u00e9 dva hostuj\u00edc\u00ed expon\u00e1ty \u2013 \u010cerven\u00fd mauricius Post Office a slavnou Lady McLeod, v\u0161e s textovou a obrazovou dokumentac\u00ed ve vztahu k vzniku t\u011bchto rarit, vlastnick\u00fdm lini\u00edm atd. Katalog n\u00e1s prov\u00e1z\u00ed i po\u0161tovn\u011b historick\u00fdm projektem \u201e500 let po\u0161tovnictv\u00ed v \u010desk\u00fdch zem\u00edch\u201c a tak\u00e9 tematick\u00fdmi expon\u00e1ty zam\u011b\u0159en\u00fdmi na v\u00fdznamn\u00e1 vyd\u00e1n\u00ed rakousk\u00e9, britsk\u00e9 aj. provenience.V katalogu uv\u00e1d\u011bn\u00e9 kontexty a souvislosti jsou u n\u00e1s, v mnoha p\u0159\u00edpadech , publikov\u00e1ny v\u016fbec poprv\u00e9, srozumiteln\u011b pojednan\u00e9, integruj\u00edc\u00ed filatelii s okoln\u00edm sv\u011btem, jeho d\u011bjinami a v\u00fdznamy. To \u010din\u00ed katalog i celou v\u00fdstavu mimo\u0159\u00e1dn\u011b atraktivn\u00ed jak pro filatelistickou, tak i pro nefilatelistickou ve\u0159ejnost. PPCP se bude uch\u00e1zet o ocen\u011bn\u00ed t\u00e9to sv\u00e9 publikace na Sv\u011btov\u00e9 v\u00fdstav\u011b v Tokiu.<\/p>\n<p><a href=\"http:\/\/www.ppcp.cz\/wp-content\/uploads\/2020\/11\/PPCP-Biennale-2020-katalog-2D.jpg\"><img loading=\"lazy\" decoding=\"async\" class=\"alignnone size-medium wp-image-3186\" src=\"http:\/\/ppcp.cz\/wp-content\/uploads\/2020\/11\/PPCP-Biennale-2020-katalog-2D-215x300.jpg\" alt=\"\" width=\"215\" height=\"300\" srcset=\"https:\/\/ppcp.cz\/wp-content\/uploads\/2020\/11\/PPCP-Biennale-2020-katalog-2D-215x300.jpg 215w, https:\/\/ppcp.cz\/wp-content\/uploads\/2020\/11\/PPCP-Biennale-2020-katalog-2D-768x1071.jpg 768w, https:\/\/ppcp.cz\/wp-content\/uploads\/2020\/11\/PPCP-Biennale-2020-katalog-2D-734x1024.jpg 734w, https:\/\/ppcp.cz\/wp-content\/uploads\/2020\/11\/PPCP-Biennale-2020-katalog-2D-129x180.jpg 129w, https:\/\/ppcp.cz\/wp-content\/uploads\/2020\/11\/PPCP-Biennale-2020-katalog-2D.jpg 1085w\" sizes=\"auto, (max-width: 215px) 100vw, 215px\" \/><\/a><a href=\"http:\/\/www.ppcp.cz\/wp-content\/uploads\/2020\/11\/PPCP-Biennale-2020-katalog-detail-obalky-1.jpg\"><img loading=\"lazy\" decoding=\"async\" class=\"alignnone size-medium wp-image-3188\" src=\"http:\/\/ppcp.cz\/wp-content\/uploads\/2020\/11\/PPCP-Biennale-2020-katalog-detail-obalky-1-300x200.jpg\" alt=\"\" width=\"300\" height=\"200\" srcset=\"https:\/\/ppcp.cz\/wp-content\/uploads\/2020\/11\/PPCP-Biennale-2020-katalog-detail-obalky-1-300x200.jpg 300w, https:\/\/ppcp.cz\/wp-content\/uploads\/2020\/11\/PPCP-Biennale-2020-katalog-detail-obalky-1-768x512.jpg 768w, https:\/\/ppcp.cz\/wp-content\/uploads\/2020\/11\/PPCP-Biennale-2020-katalog-detail-obalky-1-1024x683.jpg 1024w, https:\/\/ppcp.cz\/wp-content\/uploads\/2020\/11\/PPCP-Biennale-2020-katalog-detail-obalky-1-180x120.jpg 180w, https:\/\/ppcp.cz\/wp-content\/uploads\/2020\/11\/PPCP-Biennale-2020-katalog-detail-obalky-1.jpg 1500w\" sizes=\"auto, (max-width: 300px) 100vw, 300px\" \/><\/a><a href=\"http:\/\/www.ppcp.cz\/wp-content\/uploads\/2020\/11\/PPCP-Biennale-2020-katalog-3D.jpg\"><img loading=\"lazy\" decoding=\"async\" class=\"alignnone size-medium wp-image-3190\" src=\"http:\/\/ppcp.cz\/wp-content\/uploads\/2020\/11\/PPCP-Biennale-2020-katalog-3D-300x212.jpg\" alt=\"\" width=\"300\" height=\"212\" srcset=\"https:\/\/ppcp.cz\/wp-content\/uploads\/2020\/11\/PPCP-Biennale-2020-katalog-3D-300x212.jpg 300w, https:\/\/ppcp.cz\/wp-content\/uploads\/2020\/11\/PPCP-Biennale-2020-katalog-3D-768x542.jpg 768w, https:\/\/ppcp.cz\/wp-content\/uploads\/2020\/11\/PPCP-Biennale-2020-katalog-3D-1024x723.jpg 1024w, https:\/\/ppcp.cz\/wp-content\/uploads\/2020\/11\/PPCP-Biennale-2020-katalog-3D-180x127.jpg 180w, https:\/\/ppcp.cz\/wp-content\/uploads\/2020\/11\/PPCP-Biennale-2020-katalog-3D.jpg 1480w\" sizes=\"auto, (max-width: 300px) 100vw, 300px\" \/><\/a><a href=\"http:\/\/www.ppcp.cz\/wp-content\/uploads\/2020\/11\/PPCP-Biennale-2020-katalog-detail-obalky-2.jpg\"><img loading=\"lazy\" decoding=\"async\" class=\"alignnone size-medium wp-image-3192\" src=\"http:\/\/ppcp.cz\/wp-content\/uploads\/2020\/11\/PPCP-Biennale-2020-katalog-detail-obalky-2-300x200.jpg\" alt=\"\" width=\"300\" height=\"200\" srcset=\"https:\/\/ppcp.cz\/wp-content\/uploads\/2020\/11\/PPCP-Biennale-2020-katalog-detail-obalky-2-300x200.jpg 300w, https:\/\/ppcp.cz\/wp-content\/uploads\/2020\/11\/PPCP-Biennale-2020-katalog-detail-obalky-2-768x512.jpg 768w, https:\/\/ppcp.cz\/wp-content\/uploads\/2020\/11\/PPCP-Biennale-2020-katalog-detail-obalky-2-1024x683.jpg 1024w, https:\/\/ppcp.cz\/wp-content\/uploads\/2020\/11\/PPCP-Biennale-2020-katalog-detail-obalky-2-180x120.jpg 180w, https:\/\/ppcp.cz\/wp-content\/uploads\/2020\/11\/PPCP-Biennale-2020-katalog-detail-obalky-2.jpg 1500w\" sizes=\"auto, (max-width: 300px) 100vw, 300px\" \/><\/a><a href=\"http:\/\/www.ppcp.cz\/wp-content\/uploads\/2020\/11\/PPCP-Biennale-2020-katalog-s100-101.jpg\"><img loading=\"lazy\" decoding=\"async\" class=\"alignnone size-medium wp-image-3194\" src=\"http:\/\/ppcp.cz\/wp-content\/uploads\/2020\/11\/PPCP-Biennale-2020-katalog-s100-101-300x230.jpg\" alt=\"\" width=\"300\" height=\"230\" srcset=\"https:\/\/ppcp.cz\/wp-content\/uploads\/2020\/11\/PPCP-Biennale-2020-katalog-s100-101-300x230.jpg 300w, https:\/\/ppcp.cz\/wp-content\/uploads\/2020\/11\/PPCP-Biennale-2020-katalog-s100-101-768x588.jpg 768w, https:\/\/ppcp.cz\/wp-content\/uploads\/2020\/11\/PPCP-Biennale-2020-katalog-s100-101-1024x784.jpg 1024w, https:\/\/ppcp.cz\/wp-content\/uploads\/2020\/11\/PPCP-Biennale-2020-katalog-s100-101-180x138.jpg 180w, https:\/\/ppcp.cz\/wp-content\/uploads\/2020\/11\/PPCP-Biennale-2020-katalog-s100-101.jpg 1907w\" sizes=\"auto, (max-width: 300px) 100vw, 300px\" \/><\/a><a href=\"http:\/\/www.ppcp.cz\/wp-content\/uploads\/2020\/11\/PPCP-Biennale-2020-katalog-s108-109.jpg\"><img loading=\"lazy\" decoding=\"async\" class=\"alignnone size-medium wp-image-3196\" src=\"http:\/\/ppcp.cz\/wp-content\/uploads\/2020\/11\/PPCP-Biennale-2020-katalog-s108-109-300x232.jpg\" alt=\"\" width=\"300\" height=\"232\" srcset=\"https:\/\/ppcp.cz\/wp-content\/uploads\/2020\/11\/PPCP-Biennale-2020-katalog-s108-109-300x232.jpg 300w, https:\/\/ppcp.cz\/wp-content\/uploads\/2020\/11\/PPCP-Biennale-2020-katalog-s108-109-768x594.jpg 768w, https:\/\/ppcp.cz\/wp-content\/uploads\/2020\/11\/PPCP-Biennale-2020-katalog-s108-109-1024x792.jpg 1024w, https:\/\/ppcp.cz\/wp-content\/uploads\/2020\/11\/PPCP-Biennale-2020-katalog-s108-109-180x139.jpg 180w\" sizes=\"auto, (max-width: 300px) 100vw, 300px\" \/><\/a><a href=\"http:\/\/www.ppcp.cz\/wp-content\/uploads\/2020\/11\/PPCP-Biennale-2020-katalog-s130-131.jpg\"><img loading=\"lazy\" decoding=\"async\" class=\"alignnone size-medium wp-image-3198\" src=\"http:\/\/ppcp.cz\/wp-content\/uploads\/2020\/11\/PPCP-Biennale-2020-katalog-s130-131-300x233.jpg\" alt=\"\" width=\"300\" height=\"233\" srcset=\"https:\/\/ppcp.cz\/wp-content\/uploads\/2020\/11\/PPCP-Biennale-2020-katalog-s130-131-300x233.jpg 300w, https:\/\/ppcp.cz\/wp-content\/uploads\/2020\/11\/PPCP-Biennale-2020-katalog-s130-131-768x597.jpg 768w, https:\/\/ppcp.cz\/wp-content\/uploads\/2020\/11\/PPCP-Biennale-2020-katalog-s130-131-1024x796.jpg 1024w, https:\/\/ppcp.cz\/wp-content\/uploads\/2020\/11\/PPCP-Biennale-2020-katalog-s130-131-180x140.jpg 180w, https:\/\/ppcp.cz\/wp-content\/uploads\/2020\/11\/PPCP-Biennale-2020-katalog-s130-131.jpg 1938w\" sizes=\"auto, (max-width: 300px) 100vw, 300px\" \/><\/a><a href=\"http:\/\/www.ppcp.cz\/wp-content\/uploads\/2020\/11\/PPCP-Biennale-2020-katalog-s138-139.jpg\"><img loading=\"lazy\" decoding=\"async\" class=\"alignnone size-medium wp-image-3200\" src=\"http:\/\/ppcp.cz\/wp-content\/uploads\/2020\/11\/PPCP-Biennale-2020-katalog-s138-139-300x232.jpg\" alt=\"\" width=\"300\" height=\"232\" srcset=\"https:\/\/ppcp.cz\/wp-content\/uploads\/2020\/11\/PPCP-Biennale-2020-katalog-s138-139-300x232.jpg 300w, https:\/\/ppcp.cz\/wp-content\/uploads\/2020\/11\/PPCP-Biennale-2020-katalog-s138-139-768x594.jpg 768w, https:\/\/ppcp.cz\/wp-content\/uploads\/2020\/11\/PPCP-Biennale-2020-katalog-s138-139-1024x792.jpg 1024w, https:\/\/ppcp.cz\/wp-content\/uploads\/2020\/11\/PPCP-Biennale-2020-katalog-s138-139-180x139.jpg 180w, https:\/\/ppcp.cz\/wp-content\/uploads\/2020\/11\/PPCP-Biennale-2020-katalog-s138-139.jpg 1980w\" sizes=\"auto, (max-width: 300px) 100vw, 300px\" \/><\/a><a href=\"http:\/\/www.ppcp.cz\/wp-content\/uploads\/2020\/11\/PPCP-Biennale-2020-katalog-s160-161.jpg\"><img loading=\"lazy\" decoding=\"async\" class=\"alignnone size-medium wp-image-3202\" src=\"http:\/\/ppcp.cz\/wp-content\/uploads\/2020\/11\/PPCP-Biennale-2020-katalog-s160-161-300x238.jpg\" alt=\"\" width=\"300\" height=\"238\" srcset=\"https:\/\/ppcp.cz\/wp-content\/uploads\/2020\/11\/PPCP-Biennale-2020-katalog-s160-161-300x238.jpg 300w, https:\/\/ppcp.cz\/wp-content\/uploads\/2020\/11\/PPCP-Biennale-2020-katalog-s160-161-768x608.jpg 768w, https:\/\/ppcp.cz\/wp-content\/uploads\/2020\/11\/PPCP-Biennale-2020-katalog-s160-161-1024x811.jpg 1024w, https:\/\/ppcp.cz\/wp-content\/uploads\/2020\/11\/PPCP-Biennale-2020-katalog-s160-161-180x143.jpg 180w, https:\/\/ppcp.cz\/wp-content\/uploads\/2020\/11\/PPCP-Biennale-2020-katalog-s160-161.jpg 1872w\" sizes=\"auto, (max-width: 300px) 100vw, 300px\" \/><\/a><a href=\"http:\/\/www.ppcp.cz\/wp-content\/uploads\/2020\/11\/PPCP-Biennale-2020-katalog-s34-35.jpg\"><img loading=\"lazy\" decoding=\"async\" class=\"alignnone size-medium wp-image-3204\" src=\"http:\/\/ppcp.cz\/wp-content\/uploads\/2020\/11\/PPCP-Biennale-2020-katalog-s34-35-300x230.jpg\" alt=\"\" width=\"300\" height=\"230\" srcset=\"https:\/\/ppcp.cz\/wp-content\/uploads\/2020\/11\/PPCP-Biennale-2020-katalog-s34-35-300x230.jpg 300w, https:\/\/ppcp.cz\/wp-content\/uploads\/2020\/11\/PPCP-Biennale-2020-katalog-s34-35-768x588.jpg 768w, https:\/\/ppcp.cz\/wp-content\/uploads\/2020\/11\/PPCP-Biennale-2020-katalog-s34-35-1024x785.jpg 1024w, https:\/\/ppcp.cz\/wp-content\/uploads\/2020\/11\/PPCP-Biennale-2020-katalog-s34-35-180x138.jpg 180w, https:\/\/ppcp.cz\/wp-content\/uploads\/2020\/11\/PPCP-Biennale-2020-katalog-s34-35.jpg 1681w\" sizes=\"auto, (max-width: 300px) 100vw, 300px\" \/><\/a><a href=\"http:\/\/www.ppcp.cz\/wp-content\/uploads\/2020\/11\/PPCP-Biennale-2020-katalog-s46-47.jpg\"><img loading=\"lazy\" decoding=\"async\" class=\"alignnone size-medium wp-image-3208\" src=\"http:\/\/ppcp.cz\/wp-content\/uploads\/2020\/11\/PPCP-Biennale-2020-katalog-s46-47-300x237.jpg\" alt=\"\" width=\"300\" height=\"237\" srcset=\"https:\/\/ppcp.cz\/wp-content\/uploads\/2020\/11\/PPCP-Biennale-2020-katalog-s46-47-300x237.jpg 300w, https:\/\/ppcp.cz\/wp-content\/uploads\/2020\/11\/PPCP-Biennale-2020-katalog-s46-47-768x608.jpg 768w, https:\/\/ppcp.cz\/wp-content\/uploads\/2020\/11\/PPCP-Biennale-2020-katalog-s46-47-1024x810.jpg 1024w, https:\/\/ppcp.cz\/wp-content\/uploads\/2020\/11\/PPCP-Biennale-2020-katalog-s46-47-180x142.jpg 180w, https:\/\/ppcp.cz\/wp-content\/uploads\/2020\/11\/PPCP-Biennale-2020-katalog-s46-47.jpg 1795w\" sizes=\"auto, (max-width: 300px) 100vw, 300px\" \/><\/a><a href=\"http:\/\/www.ppcp.cz\/wp-content\/uploads\/2020\/11\/PPCP-Biennale-2020-katalog-s54-55.jpg\"><img loading=\"lazy\" decoding=\"async\" class=\"alignnone size-medium wp-image-3210\" src=\"http:\/\/ppcp.cz\/wp-content\/uploads\/2020\/11\/PPCP-Biennale-2020-katalog-s54-55-300x235.jpg\" alt=\"\" width=\"300\" height=\"235\" srcset=\"https:\/\/ppcp.cz\/wp-content\/uploads\/2020\/11\/PPCP-Biennale-2020-katalog-s54-55-300x235.jpg 300w, https:\/\/ppcp.cz\/wp-content\/uploads\/2020\/11\/PPCP-Biennale-2020-katalog-s54-55-768x602.jpg 768w, https:\/\/ppcp.cz\/wp-content\/uploads\/2020\/11\/PPCP-Biennale-2020-katalog-s54-55-1024x803.jpg 1024w, https:\/\/ppcp.cz\/wp-content\/uploads\/2020\/11\/PPCP-Biennale-2020-katalog-s54-55-180x141.jpg 180w, https:\/\/ppcp.cz\/wp-content\/uploads\/2020\/11\/PPCP-Biennale-2020-katalog-s54-55.jpg 1794w\" sizes=\"auto, (max-width: 300px) 100vw, 300px\" \/><\/a><a href=\"http:\/\/www.ppcp.cz\/wp-content\/uploads\/2020\/11\/PPCP-Biennale-2020-katalog-s90-91.jpg\"><img loading=\"lazy\" decoding=\"async\" class=\"alignnone size-medium wp-image-3212\" src=\"http:\/\/ppcp.cz\/wp-content\/uploads\/2020\/11\/PPCP-Biennale-2020-katalog-s90-91-300x232.jpg\" alt=\"\" width=\"300\" height=\"232\" srcset=\"https:\/\/ppcp.cz\/wp-content\/uploads\/2020\/11\/PPCP-Biennale-2020-katalog-s90-91-300x232.jpg 300w, https:\/\/ppcp.cz\/wp-content\/uploads\/2020\/11\/PPCP-Biennale-2020-katalog-s90-91-768x593.jpg 768w, https:\/\/ppcp.cz\/wp-content\/uploads\/2020\/11\/PPCP-Biennale-2020-katalog-s90-91-1024x790.jpg 1024w, https:\/\/ppcp.cz\/wp-content\/uploads\/2020\/11\/PPCP-Biennale-2020-katalog-s90-91-180x139.jpg 180w, https:\/\/ppcp.cz\/wp-content\/uploads\/2020\/11\/PPCP-Biennale-2020-katalog-s90-91.jpg 1757w\" sizes=\"auto, (max-width: 300px) 100vw, 300px\" \/><\/a><a href=\"http:\/\/www.ppcp.cz\/wp-content\/uploads\/2020\/11\/PPCP-Biennale-2020-katalog-s92-93.jpg\"><img loading=\"lazy\" decoding=\"async\" class=\"alignnone size-medium wp-image-3214\" src=\"http:\/\/ppcp.cz\/wp-content\/uploads\/2020\/11\/PPCP-Biennale-2020-katalog-s92-93-300x228.jpg\" alt=\"\" width=\"300\" height=\"228\" srcset=\"https:\/\/ppcp.cz\/wp-content\/uploads\/2020\/11\/PPCP-Biennale-2020-katalog-s92-93-300x228.jpg 300w, https:\/\/ppcp.cz\/wp-content\/uploads\/2020\/11\/PPCP-Biennale-2020-katalog-s92-93-768x584.jpg 768w, https:\/\/ppcp.cz\/wp-content\/uploads\/2020\/11\/PPCP-Biennale-2020-katalog-s92-93-1024x778.jpg 1024w, https:\/\/ppcp.cz\/wp-content\/uploads\/2020\/11\/PPCP-Biennale-2020-katalog-s92-93-180x137.jpg 180w, https:\/\/ppcp.cz\/wp-content\/uploads\/2020\/11\/PPCP-Biennale-2020-katalog-s92-93.jpg 1889w\" sizes=\"auto, (max-width: 300px) 100vw, 300px\" \/><\/a><\/p>\n<p>D\u00e1le oznamujeme, \u017ee byla dokon\u010dena v\u00fdroba ozdobn\u00e9 ochrann\u00e9 schr\u00e1nky pro n\u00e1\u0161 kl\u00ed\u010dov\u00fd dokument &#8211; Listinu PPCP.<\/p>\n<p>Tato luxusn\u00ed kazeta se vyzna\u010duje unik\u00e1tn\u00edm designem a je vyrobena z o\u0159echov\u00e9ho d\u0159eva s intarziemi z ryz\u00edho zlata. Byla v\u011bnov\u00e1na klubu n\u011bkolika jeho \u010dleny, kte\u0159\u00ed se pod\u00edleli na jej\u00edm financov\u00e1n\u00ed.<\/p>\n<p>D\u011bkujeme tedy J. Han\u00e1kovi, D. Kop\u0159ivovi, P. Severinovi, J. Stunovi, P. Va\u0148ugovi a J. Krausovi. Kazeta bude vystavena na Biennale, ve vitr\u00edn\u011b v\u011bnovan\u00e9 PPCP a nav\u017edy bude d\u016fstojn\u00fdm artefaktem p\u0159\u00edtomn\u00fdm na v\u0161ech akc\u00edch klubu.<\/p>\n<p><a href=\"http:\/\/www.ppcp.cz\/wp-content\/uploads\/2020\/11\/PPCP-kazeta-zavrena.jpg\"><img loading=\"lazy\" decoding=\"async\" class=\"alignnone size-medium wp-image-3220\" src=\"http:\/\/ppcp.cz\/wp-content\/uploads\/2020\/11\/PPCP-kazeta-zavrena-300x159.jpg\" alt=\"\" width=\"300\" height=\"159\" srcset=\"https:\/\/ppcp.cz\/wp-content\/uploads\/2020\/11\/PPCP-kazeta-zavrena-300x159.jpg 300w, https:\/\/ppcp.cz\/wp-content\/uploads\/2020\/11\/PPCP-kazeta-zavrena-768x408.jpg 768w, https:\/\/ppcp.cz\/wp-content\/uploads\/2020\/11\/PPCP-kazeta-zavrena-1024x544.jpg 1024w, https:\/\/ppcp.cz\/wp-content\/uploads\/2020\/11\/PPCP-kazeta-zavrena-180x96.jpg 180w\" sizes=\"auto, (max-width: 300px) 100vw, 300px\" \/><\/a><a href=\"http:\/\/www.ppcp.cz\/wp-content\/uploads\/2020\/11\/PPCP-kazeta-otevrena.jpg\"><img loading=\"lazy\" decoding=\"async\" class=\"alignnone size-medium wp-image-3218\" src=\"http:\/\/ppcp.cz\/wp-content\/uploads\/2020\/11\/PPCP-kazeta-otevrena-285x300.jpg\" alt=\"\" width=\"285\" height=\"300\" srcset=\"https:\/\/ppcp.cz\/wp-content\/uploads\/2020\/11\/PPCP-kazeta-otevrena-285x300.jpg 285w, https:\/\/ppcp.cz\/wp-content\/uploads\/2020\/11\/PPCP-kazeta-otevrena-768x807.jpg 768w, https:\/\/ppcp.cz\/wp-content\/uploads\/2020\/11\/PPCP-kazeta-otevrena-974x1024.jpg 974w, https:\/\/ppcp.cz\/wp-content\/uploads\/2020\/11\/PPCP-kazeta-otevrena-171x180.jpg 171w, https:\/\/ppcp.cz\/wp-content\/uploads\/2020\/11\/PPCP-kazeta-otevrena.jpg 1156w\" sizes=\"auto, (max-width: 285px) 100vw, 285px\" \/><\/a><a href=\"http:\/\/www.ppcp.cz\/wp-content\/uploads\/2020\/11\/PPCP-kazeta-detail.jpg\"><img loading=\"lazy\" decoding=\"async\" class=\"alignnone size-medium wp-image-3216\" src=\"http:\/\/ppcp.cz\/wp-content\/uploads\/2020\/11\/PPCP-kazeta-detail-300x200.jpg\" alt=\"\" width=\"300\" height=\"200\" srcset=\"https:\/\/ppcp.cz\/wp-content\/uploads\/2020\/11\/PPCP-kazeta-detail-300x200.jpg 300w, https:\/\/ppcp.cz\/wp-content\/uploads\/2020\/11\/PPCP-kazeta-detail-768x512.jpg 768w, https:\/\/ppcp.cz\/wp-content\/uploads\/2020\/11\/PPCP-kazeta-detail-1024x683.jpg 1024w, https:\/\/ppcp.cz\/wp-content\/uploads\/2020\/11\/PPCP-kazeta-detail-180x120.jpg 180w, https:\/\/ppcp.cz\/wp-content\/uploads\/2020\/11\/PPCP-kazeta-detail.jpg 1092w\" sizes=\"auto, (max-width: 300px) 100vw, 300px\" \/><\/a><\/p>\n<p><strong>23.10.2020<\/strong><\/p>\n<p>Z dne\u0161n\u00edho jedn\u00e1n\u00ed z\u00e1stupc\u016f PPCP v N\u00e1rodn\u00edm muzeu vyplynulo, \u017ee Biennale 2020 se uskute\u010dn\u00ed, by\u0165 v posunut\u00e9m term\u00ednu. Zah\u00e1jen\u00ed v\u00fdstavy se nyn\u00ed p\u0159edpokl\u00e1d\u00e1 v prosinci t.r. a\u017e v lednu 2020. Dne 23.10. vy\u0161ly Vlastn\u00ed zn\u00e1mky PPCP, VZ TL: 0109, VZ 1000 \u2014 1004.<\/p>\n<p>V tisku je ji\u017e v\u00fdstavn\u00ed katalog Biennale, unik\u00e1tn\u00ed publikace, a to obsahem i zp\u016fsobem zpracov\u00e1n\u00ed.<\/p>\n<p>Dne 20.10. v\u00fdstava z\u00edskala z\u00e1\u0161titu prezidenta republiky.<\/p>\n<p><a href=\"http:\/\/www.ppcp.cz\/wp-content\/uploads\/2020\/10\/Screenshot_20201026-211354_Gallery.jpg\"><img loading=\"lazy\" decoding=\"async\" class=\"alignnone size-medium wp-image-3139\" src=\"http:\/\/ppcp.cz\/wp-content\/uploads\/2020\/10\/Screenshot_20201026-211354_Gallery-211x300.jpg\" alt=\"\" width=\"211\" height=\"300\" srcset=\"https:\/\/ppcp.cz\/wp-content\/uploads\/2020\/10\/Screenshot_20201026-211354_Gallery-211x300.jpg 211w, https:\/\/ppcp.cz\/wp-content\/uploads\/2020\/10\/Screenshot_20201026-211354_Gallery-768x1093.jpg 768w, https:\/\/ppcp.cz\/wp-content\/uploads\/2020\/10\/Screenshot_20201026-211354_Gallery-719x1024.jpg 719w, https:\/\/ppcp.cz\/wp-content\/uploads\/2020\/10\/Screenshot_20201026-211354_Gallery-126x180.jpg 126w, https:\/\/ppcp.cz\/wp-content\/uploads\/2020\/10\/Screenshot_20201026-211354_Gallery.jpg 1231w\" sizes=\"auto, (max-width: 211px) 100vw, 211px\" \/><\/a> <a href=\"http:\/\/www.ppcp.cz\/wp-content\/uploads\/2020\/10\/Screenshot_20201026-211257_Drive.jpg\"><img loading=\"lazy\" decoding=\"async\" class=\"alignnone size-medium wp-image-3141\" src=\"http:\/\/ppcp.cz\/wp-content\/uploads\/2020\/10\/Screenshot_20201026-211257_Drive-208x300.jpg\" alt=\"\" width=\"208\" height=\"300\" srcset=\"https:\/\/ppcp.cz\/wp-content\/uploads\/2020\/10\/Screenshot_20201026-211257_Drive-208x300.jpg 208w, https:\/\/ppcp.cz\/wp-content\/uploads\/2020\/10\/Screenshot_20201026-211257_Drive-768x1107.jpg 768w, https:\/\/ppcp.cz\/wp-content\/uploads\/2020\/10\/Screenshot_20201026-211257_Drive-711x1024.jpg 711w, https:\/\/ppcp.cz\/wp-content\/uploads\/2020\/10\/Screenshot_20201026-211257_Drive-125x180.jpg 125w, https:\/\/ppcp.cz\/wp-content\/uploads\/2020\/10\/Screenshot_20201026-211257_Drive.jpg 1070w\" sizes=\"auto, (max-width: 208px) 100vw, 208px\" \/><\/a> <a href=\"http:\/\/www.ppcp.cz\/wp-content\/uploads\/2020\/10\/Screenshot_20201026-211225_Gallery.jpg\"><img loading=\"lazy\" decoding=\"async\" class=\"alignnone size-medium wp-image-3143\" src=\"http:\/\/ppcp.cz\/wp-content\/uploads\/2020\/10\/Screenshot_20201026-211225_Gallery-300x204.jpg\" alt=\"\" width=\"300\" height=\"204\" srcset=\"https:\/\/ppcp.cz\/wp-content\/uploads\/2020\/10\/Screenshot_20201026-211225_Gallery-300x204.jpg 300w, https:\/\/ppcp.cz\/wp-content\/uploads\/2020\/10\/Screenshot_20201026-211225_Gallery-768x521.jpg 768w, https:\/\/ppcp.cz\/wp-content\/uploads\/2020\/10\/Screenshot_20201026-211225_Gallery-1024x695.jpg 1024w, https:\/\/ppcp.cz\/wp-content\/uploads\/2020\/10\/Screenshot_20201026-211225_Gallery-180x122.jpg 180w, https:\/\/ppcp.cz\/wp-content\/uploads\/2020\/10\/Screenshot_20201026-211225_Gallery.jpg 1673w\" sizes=\"auto, (max-width: 300px) 100vw, 300px\" \/><\/a><a href=\"http:\/\/www.ppcp.cz\/wp-content\/uploads\/2020\/10\/img874.jpg\"><img loading=\"lazy\" decoding=\"async\" class=\"alignnone size-medium wp-image-3151\" src=\"http:\/\/ppcp.cz\/wp-content\/uploads\/2020\/10\/img874-212x300.jpg\" alt=\"\" width=\"212\" height=\"300\" srcset=\"https:\/\/ppcp.cz\/wp-content\/uploads\/2020\/10\/img874-212x300.jpg 212w, https:\/\/ppcp.cz\/wp-content\/uploads\/2020\/10\/img874-768x1089.jpg 768w, https:\/\/ppcp.cz\/wp-content\/uploads\/2020\/10\/img874-722x1024.jpg 722w, https:\/\/ppcp.cz\/wp-content\/uploads\/2020\/10\/img874-127x180.jpg 127w\" sizes=\"auto, (max-width: 212px) 100vw, 212px\" \/><\/a><\/p>\n<p><strong>20.10.2020<\/strong><\/p>\n<p>V\u00e1\u017een\u00ed p\u0159\u00e1tel\u00e9 filatelie, r\u00e1di bychom V\u00e1s informovali, \u017ee N\u00e1rodn\u00ed muzeum je zav\u0159en\u00e9 prozat\u00edm do 3. listopadu 2020. \u0158\u00edd\u00edme se ofici\u00e1ln\u00edmi epidemiologick\u00fdmi opat\u0159en\u00edmi, kter\u00e9 se st\u00e1le m\u011bn\u00ed. Je pravd\u011bpodobn\u00e9, \u017ee N\u00e1rodn\u00ed muzeum bude zav\u0159en\u00e9 i po uveden\u00e9m term\u00ednu a zah\u00e1jen\u00ed Biennale 2020 bude posunuto.<\/p>\n<p>Expon\u00e1ty jsou hotov\u00e9, katalog dokon\u010den a pr\u00e1ce na instalac\u00edch v s\u00e1lech N\u00e1rodn\u00edho muzea bez p\u0159eru\u0161en\u00ed pokra\u010duj\u00ed. N\u00ed\u017ee najdete n\u011bkolik z\u00e1b\u011br\u016f z technick\u00fdch p\u0159\u00edprav v\u00fdstavy.<\/p>\n<p>O jak\u00fdchkoliv dal\u0161\u00edch novink\u00e1ch, zejm\u00e9na term\u00ednu kon\u00e1n\u00ed, budeme neprodlen\u011b informovat.<\/p>\n<p><a href=\"http:\/\/www.ppcp.cz\/wp-content\/uploads\/2020\/10\/IMG-20201021-WA0007.jpg\"><img loading=\"lazy\" decoding=\"async\" class=\"alignnone size-medium wp-image-3111\" src=\"http:\/\/ppcp.cz\/wp-content\/uploads\/2020\/10\/IMG-20201021-WA0007-300x225.jpg\" alt=\"\" width=\"300\" height=\"225\" srcset=\"https:\/\/ppcp.cz\/wp-content\/uploads\/2020\/10\/IMG-20201021-WA0007-300x225.jpg 300w, https:\/\/ppcp.cz\/wp-content\/uploads\/2020\/10\/IMG-20201021-WA0007-768x576.jpg 768w, https:\/\/ppcp.cz\/wp-content\/uploads\/2020\/10\/IMG-20201021-WA0007-1024x768.jpg 1024w, https:\/\/ppcp.cz\/wp-content\/uploads\/2020\/10\/IMG-20201021-WA0007-180x135.jpg 180w, https:\/\/ppcp.cz\/wp-content\/uploads\/2020\/10\/IMG-20201021-WA0007.jpg 1600w\" sizes=\"auto, (max-width: 300px) 100vw, 300px\" \/><\/a><a href=\"http:\/\/www.ppcp.cz\/wp-content\/uploads\/2020\/10\/IMG-20201021-WA0006.jpg\"><img loading=\"lazy\" decoding=\"async\" class=\"alignnone size-medium wp-image-3113\" src=\"http:\/\/ppcp.cz\/wp-content\/uploads\/2020\/10\/IMG-20201021-WA0006-300x225.jpg\" alt=\"\" width=\"300\" height=\"225\" srcset=\"https:\/\/ppcp.cz\/wp-content\/uploads\/2020\/10\/IMG-20201021-WA0006-300x225.jpg 300w, https:\/\/ppcp.cz\/wp-content\/uploads\/2020\/10\/IMG-20201021-WA0006-768x576.jpg 768w, https:\/\/ppcp.cz\/wp-content\/uploads\/2020\/10\/IMG-20201021-WA0006-1024x768.jpg 1024w, https:\/\/ppcp.cz\/wp-content\/uploads\/2020\/10\/IMG-20201021-WA0006-180x135.jpg 180w, https:\/\/ppcp.cz\/wp-content\/uploads\/2020\/10\/IMG-20201021-WA0006.jpg 1600w\" sizes=\"auto, (max-width: 300px) 100vw, 300px\" \/><\/a><a href=\"http:\/\/www.ppcp.cz\/wp-content\/uploads\/2020\/10\/IMG-20201021-WA0005.jpg\"><img loading=\"lazy\" decoding=\"async\" class=\"alignnone size-medium wp-image-3115\" src=\"http:\/\/ppcp.cz\/wp-content\/uploads\/2020\/10\/IMG-20201021-WA0005-300x225.jpg\" alt=\"\" width=\"300\" height=\"225\" srcset=\"https:\/\/ppcp.cz\/wp-content\/uploads\/2020\/10\/IMG-20201021-WA0005-300x225.jpg 300w, https:\/\/ppcp.cz\/wp-content\/uploads\/2020\/10\/IMG-20201021-WA0005-768x576.jpg 768w, https:\/\/ppcp.cz\/wp-content\/uploads\/2020\/10\/IMG-20201021-WA0005-1024x768.jpg 1024w, https:\/\/ppcp.cz\/wp-content\/uploads\/2020\/10\/IMG-20201021-WA0005-180x135.jpg 180w, https:\/\/ppcp.cz\/wp-content\/uploads\/2020\/10\/IMG-20201021-WA0005.jpg 1600w\" sizes=\"auto, (max-width: 300px) 100vw, 300px\" \/><\/a><a href=\"http:\/\/www.ppcp.cz\/wp-content\/uploads\/2020\/10\/IMG-20201021-WA0004.jpg\"><img loading=\"lazy\" decoding=\"async\" class=\"alignnone size-medium wp-image-3117\" src=\"http:\/\/ppcp.cz\/wp-content\/uploads\/2020\/10\/IMG-20201021-WA0004-300x225.jpg\" alt=\"\" width=\"300\" height=\"225\" srcset=\"https:\/\/ppcp.cz\/wp-content\/uploads\/2020\/10\/IMG-20201021-WA0004-300x225.jpg 300w, https:\/\/ppcp.cz\/wp-content\/uploads\/2020\/10\/IMG-20201021-WA0004-768x576.jpg 768w, https:\/\/ppcp.cz\/wp-content\/uploads\/2020\/10\/IMG-20201021-WA0004-1024x768.jpg 1024w, https:\/\/ppcp.cz\/wp-content\/uploads\/2020\/10\/IMG-20201021-WA0004-180x135.jpg 180w, https:\/\/ppcp.cz\/wp-content\/uploads\/2020\/10\/IMG-20201021-WA0004.jpg 1600w\" sizes=\"auto, (max-width: 300px) 100vw, 300px\" \/><\/a><a href=\"http:\/\/www.ppcp.cz\/wp-content\/uploads\/2020\/10\/IMG-20201021-WA0000.jpg\"><img loading=\"lazy\" decoding=\"async\" class=\"alignnone size-medium wp-image-3119\" src=\"http:\/\/ppcp.cz\/wp-content\/uploads\/2020\/10\/IMG-20201021-WA0000-300x225.jpg\" alt=\"\" width=\"300\" height=\"225\" srcset=\"https:\/\/ppcp.cz\/wp-content\/uploads\/2020\/10\/IMG-20201021-WA0000-300x225.jpg 300w, https:\/\/ppcp.cz\/wp-content\/uploads\/2020\/10\/IMG-20201021-WA0000-768x576.jpg 768w, https:\/\/ppcp.cz\/wp-content\/uploads\/2020\/10\/IMG-20201021-WA0000-1024x768.jpg 1024w, https:\/\/ppcp.cz\/wp-content\/uploads\/2020\/10\/IMG-20201021-WA0000-180x135.jpg 180w, https:\/\/ppcp.cz\/wp-content\/uploads\/2020\/10\/IMG-20201021-WA0000.jpg 1600w\" sizes=\"auto, (max-width: 300px) 100vw, 300px\" \/><\/a><\/p>\n<p><strong>2.10.2020<\/strong><\/p>\n<p>I p\u0159es restriktivn\u00ed opat\u0159en\u00ed v&nbsp; souvislosti s epidemi\u00ed Covid -19 se Biennale 2020 uskute\u010dn\u00ed v pl\u00e1novan\u00e9m term\u00ednu 7.-22. listopadu, jak vyplynulo z jedn\u00e1n\u00ed se z\u00e1stupci N\u00e1rodn\u00edho Muzea, kter\u00e9 prob\u011bhlo 29.9.<\/p>\n<p>Informace o mo\u017enostech kon\u00e1n\u00ed vernis\u00e1\u017ee 6.11. a jej\u00edm mo\u017en\u00e9m form\u00e1tu budou zn\u00e1my 23.10.<\/p>\n<p>V r\u00e1mci p\u0159\u00edprav bylo ji\u017e zhotoveno p\u0159es 50 kontextov\u00fdch expon\u00e1t\u016f s v\u00fdznamn\u00fdmi raritami do s\u00e1l\u016f B a C&nbsp; a obsah v\u00edce ne\u017e 20 velk\u00fdch vitr\u00edn v s\u00e1lu&nbsp; B&#8230;.&nbsp;<span style=\"color: #ffcc00;\"><em><a style=\"color: #ffcc00;\" href=\"https:\/\/www.ppcp.cz\/biennale\/plan-vystavy-a-exponaty\/\">https:\/\/www.ppcp.cz\/biennale\/plan-vystavy-a-exponaty\/<\/a><\/em><\/span><\/p>\n<p>Fini\u0161ujeme s v\u00fdstavn\u00edm katalogem, designem v\u0161ech 3 s\u00e1l\u016f a s programem samotn\u00e9 v\u00fdstavy, k n\u011bmu\u017e pat\u0159\u00ed komentovan\u00e9 prohl\u00eddky, VIP setk\u00e1n\u00ed, spolupr\u00e1ce s m\u00e9dii atd. N\u00e1\u0161 v\u00fdznamn\u00fd partner \u010cesk\u00e1 po\u0161ta s.p. bude m\u00edt na Biennale zastoupen\u00ed v podob\u011b sv\u00e9ho velk\u00e9ho prodejn\u00edho a informa\u010dn\u00edho st\u00e1nku.<\/p>\n<p>\u010cesk\u00e1 po\u0161ta tak\u00e9 dne 23.9. vydala emisi dvou standardn\u00edch v\u00fdplatn\u00edch zn\u00e1mek a emisi Ofici\u00e1ln\u00edch vlastn\u00edch zn\u00e1mek \u010cP, celkem jako s\u00e9rii zn\u00e1mek s motivem rarit z Biennale.<\/p>\n<p>Oboj\u00ed vyd\u00e1n\u00ed se setkalo s enormn\u00edm z\u00e1jmem filatelistick\u00e9 i nefilatelistick\u00e9 ve\u0159ejnosti. Zp\u0159\u00edtomn\u011bn\u00ed Biennale a PPCP na statis\u00edc\u00edch zn\u00e1mk\u00e1ch \u010cesk\u00e9 po\u0161ty pova\u017eujeme za obecn\u011b prosp\u011b\u0161n\u00fd krok, mj. napom\u00e1haj\u00edc\u00ed hlavn\u00edmu poselstv\u00ed na\u0161\u00ed pr\u00e1ce &#8211; pozvednut\u00ed ve\u0159ejn\u00e9ho pov\u011bdom\u00ed o filatelii a jej\u00edch t\u00e9matech.<\/p>\n<p><a href=\"http:\/\/www.ppcp.cz\/wp-content\/uploads\/2020\/10\/img858-1.jpg\"><img loading=\"lazy\" decoding=\"async\" class=\"alignnone wp-image-2926 size-medium\" src=\"http:\/\/ppcp.cz\/wp-content\/uploads\/2020\/10\/img858-1-212x300.jpg\" alt=\"\" width=\"212\" height=\"300\" srcset=\"https:\/\/ppcp.cz\/wp-content\/uploads\/2020\/10\/img858-1-212x300.jpg 212w, https:\/\/ppcp.cz\/wp-content\/uploads\/2020\/10\/img858-1-768x1086.jpg 768w, https:\/\/ppcp.cz\/wp-content\/uploads\/2020\/10\/img858-1-724x1024.jpg 724w, https:\/\/ppcp.cz\/wp-content\/uploads\/2020\/10\/img858-1-127x180.jpg 127w, https:\/\/ppcp.cz\/wp-content\/uploads\/2020\/10\/img858-1.jpg 1654w\" sizes=\"auto, (max-width: 212px) 100vw, 212px\" \/><\/a><\/p>\n<p><a href=\"http:\/\/www.ppcp.cz\/wp-content\/uploads\/2020\/10\/img860-1.jpg\"><img loading=\"lazy\" decoding=\"async\" class=\"alignnone wp-image-2928 size-medium\" src=\"http:\/\/ppcp.cz\/wp-content\/uploads\/2020\/10\/img860-1-212x300.jpg\" alt=\"\" width=\"212\" height=\"300\" srcset=\"https:\/\/ppcp.cz\/wp-content\/uploads\/2020\/10\/img860-1-212x300.jpg 212w, https:\/\/ppcp.cz\/wp-content\/uploads\/2020\/10\/img860-1-768x1086.jpg 768w, https:\/\/ppcp.cz\/wp-content\/uploads\/2020\/10\/img860-1-724x1024.jpg 724w, https:\/\/ppcp.cz\/wp-content\/uploads\/2020\/10\/img860-1-127x180.jpg 127w, https:\/\/ppcp.cz\/wp-content\/uploads\/2020\/10\/img860-1.jpg 1654w\" sizes=\"auto, (max-width: 212px) 100vw, 212px\" \/><\/a><\/p>\n<p><a href=\"http:\/\/www.ppcp.cz\/wp-content\/uploads\/2020\/10\/img861-1.jpg\"><img loading=\"lazy\" decoding=\"async\" class=\"alignnone wp-image-2930 size-medium\" src=\"http:\/\/ppcp.cz\/wp-content\/uploads\/2020\/10\/img861-1-212x300.jpg\" alt=\"\" width=\"212\" height=\"300\" srcset=\"https:\/\/ppcp.cz\/wp-content\/uploads\/2020\/10\/img861-1-212x300.jpg 212w, https:\/\/ppcp.cz\/wp-content\/uploads\/2020\/10\/img861-1-768x1086.jpg 768w, https:\/\/ppcp.cz\/wp-content\/uploads\/2020\/10\/img861-1-724x1024.jpg 724w, https:\/\/ppcp.cz\/wp-content\/uploads\/2020\/10\/img861-1-127x180.jpg 127w, https:\/\/ppcp.cz\/wp-content\/uploads\/2020\/10\/img861-1.jpg 1654w\" sizes=\"auto, (max-width: 212px) 100vw, 212px\" \/><\/a><\/p>\n","protected":false},"excerpt":{"rendered":"<p>31. LEDEN &#8211; BIENNALE NA YOUTUBE Pro p\u0159\u00e1tele filatelie a v\u0161echny z\u00e1jemce, kte\u0159\u00ed nem\u011bli mo\u017enost nav\u0161t\u00edvit N\u00e1rodn\u00ed muzeum, jsme p\u0159ipravili video z na\u0161\u00ed v\u00fdstavy. 26.12.2020 POSLEDN\u00cd DEN V\u00ddSTAVY BIENNALE PPCP 29.12.2020 V r\u00e1mci aktu\u00e1ln\u00edch epidemiologick\u00fdch opat\u0159en\u00ed skon\u010dila ke dni 27.12. vl\u00e1dn\u00ed vyj\u00edmka i pro mimo\u0159\u00e1dn\u00e9 v\u00fdstavy &#8211; Rembrandt (NG), Slune\u010dn\u00ed kr\u00e1lov\u00e9 (NM) a Poklady sv\u011btov\u00e9 [&hellip;]<\/p>\n","protected":false},"author":1,"featured_media":0,"parent":0,"menu_order":0,"comment_status":"closed","ping_status":"closed","template":"","meta":{"footnotes":""},"class_list":["post-4449","page","type-page","status-publish","hentry"],"_links":{"self":[{"href":"https:\/\/ppcp.cz\/en\/wp-json\/wp\/v2\/pages\/4449","targetHints":{"allow":["GET"]}}],"collection":[{"href":"https:\/\/ppcp.cz\/en\/wp-json\/wp\/v2\/pages"}],"about":[{"href":"https:\/\/ppcp.cz\/en\/wp-json\/wp\/v2\/types\/page"}],"author":[{"embeddable":true,"href":"https:\/\/ppcp.cz\/en\/wp-json\/wp\/v2\/users\/1"}],"replies":[{"embeddable":true,"href":"https:\/\/ppcp.cz\/en\/wp-json\/wp\/v2\/comments?post=4449"}],"version-history":[{"count":1,"href":"https:\/\/ppcp.cz\/en\/wp-json\/wp\/v2\/pages\/4449\/revisions"}],"predecessor-version":[{"id":4450,"href":"https:\/\/ppcp.cz\/en\/wp-json\/wp\/v2\/pages\/4449\/revisions\/4450"}],"wp:attachment":[{"href":"https:\/\/ppcp.cz\/en\/wp-json\/wp\/v2\/media?parent=4449"}],"curies":[{"name":"wp","href":"https:\/\/api.w.org\/{rel}","templated":true}]}}